{"id":175,"date":"2014-01-22T09:39:43","date_gmt":"2014-01-22T08:39:43","guid":{"rendered":"http:\/\/kobra.asso.fr\/v7\/?page_id=175"},"modified":"2014-01-30T23:16:41","modified_gmt":"2014-01-30T22:16:41","slug":"cd-nakara","status":"publish","type":"page","link":"https:\/\/kobra.asso.fr\/v7\/cd-nakara\/","title":{"rendered":"CD Nakara"},"content":{"rendered":"<p><a href=\"https:\/\/kobra.asso.fr\/v7\/wp-content\/uploads\/2014\/01\/Kobra-Nakara.png\"><img loading=\"lazy\" decoding=\"async\" class=\"alignleft size-full wp-image-176\" alt=\"CD-Nakara\" src=\"https:\/\/kobra.asso.fr\/v7\/wp-content\/uploads\/2014\/01\/Kobra-Nakara.png\" width=\"315\" height=\"308\" srcset=\"https:\/\/kobra.asso.fr\/v7\/wp-content\/uploads\/2014\/01\/Kobra-Nakara.png 315w, https:\/\/kobra.asso.fr\/v7\/wp-content\/uploads\/2014\/01\/Kobra-Nakara-300x293.png 300w, https:\/\/kobra.asso.fr\/v7\/wp-content\/uploads\/2014\/01\/Kobra-Nakara-153x150.png 153w, https:\/\/kobra.asso.fr\/v7\/wp-content\/uploads\/2014\/01\/Kobra-Nakara-150x146.png 150w\" sizes=\"(max-width: 315px) 100vw, 315px\" \/><\/a>CD Kobra : <strong>Nakara<\/strong><\/p>\n<p>Album : <strong>Studio<\/strong><\/p>\n<p>Nombre de titres : <strong>8<\/strong><\/p>\n<p>[wp_cart_button name=\u00a0\u00bbCD_Nakara\u00a0\u00bb price=\u00a0\u00bb15&Prime;]<\/p>\n<p>&nbsp;<\/p>\n<p>&nbsp;<\/p>\n<p>&nbsp;<\/p>\n<p>&nbsp;<\/p>\n<h2 style=\"text-align: center;\">\u00a0Pr\u00e9 \u00e9coute :<\/h2>\n<ol>\n<li><em><strong>Le combat des \u00e9l\u00e9phants<\/strong><\/em> <!--[if lt IE 9]><script>document.createElement('audio');<\/script><![endif]-->\n<audio class=\"wp-audio-shortcode\" id=\"audio-175-1\" preload=\"none\" style=\"width: 100%;\" controls=\"controls\"><source type=\"audio\/mpeg\" src=\"https:\/\/kobra.asso.fr\/v7\/wp-content\/uploads\/2014\/01\/combat-des-elephants1.mp3?_=1\" \/><a href=\"https:\/\/kobra.asso.fr\/v7\/wp-content\/uploads\/2014\/01\/combat-des-elephants1.mp3\">https:\/\/kobra.asso.fr\/v7\/wp-content\/uploads\/2014\/01\/combat-des-elephants1.mp3<\/a><\/audio><\/li>\n<li><em><strong>Zomina<\/strong><\/em> <audio class=\"wp-audio-shortcode\" id=\"audio-175-2\" preload=\"none\" style=\"width: 100%;\" controls=\"controls\"><source type=\"audio\/mpeg\" src=\"https:\/\/kobra.asso.fr\/v7\/wp-content\/uploads\/2014\/01\/zomina.mp3?_=2\" \/><a href=\"https:\/\/kobra.asso.fr\/v7\/wp-content\/uploads\/2014\/01\/zomina.mp3\">https:\/\/kobra.asso.fr\/v7\/wp-content\/uploads\/2014\/01\/zomina.mp3<\/a><\/audio><\/li>\n<li><em><strong>Zarafa<\/strong><\/em> <audio class=\"wp-audio-shortcode\" id=\"audio-175-3\" preload=\"none\" style=\"width: 100%;\" controls=\"controls\"><source type=\"audio\/mpeg\" src=\"https:\/\/kobra.asso.fr\/v7\/wp-content\/uploads\/2014\/01\/zarafa.mp3?_=3\" \/><a href=\"https:\/\/kobra.asso.fr\/v7\/wp-content\/uploads\/2014\/01\/zarafa.mp3\">https:\/\/kobra.asso.fr\/v7\/wp-content\/uploads\/2014\/01\/zarafa.mp3<\/a><\/audio><\/li>\n<li><em><strong>Nakara<\/strong><\/em><audio class=\"wp-audio-shortcode\" id=\"audio-175-4\" preload=\"none\" style=\"width: 100%;\" controls=\"controls\"><source type=\"audio\/mpeg\" src=\"https:\/\/kobra.asso.fr\/v7\/wp-content\/uploads\/2014\/01\/nakara.mp3?_=4\" \/><a href=\"https:\/\/kobra.asso.fr\/v7\/wp-content\/uploads\/2014\/01\/nakara.mp3\">https:\/\/kobra.asso.fr\/v7\/wp-content\/uploads\/2014\/01\/nakara.mp3<\/a><\/audio><\/li>\n<li><em><strong>La jungle<\/strong><\/em><audio class=\"wp-audio-shortcode\" id=\"audio-175-5\" preload=\"none\" style=\"width: 100%;\" controls=\"controls\"><source type=\"audio\/mpeg\" src=\"https:\/\/kobra.asso.fr\/v7\/wp-content\/uploads\/2014\/01\/la-jungle.mp3?_=5\" \/><a href=\"https:\/\/kobra.asso.fr\/v7\/wp-content\/uploads\/2014\/01\/la-jungle.mp3\">https:\/\/kobra.asso.fr\/v7\/wp-content\/uploads\/2014\/01\/la-jungle.mp3<\/a><\/audio><\/li>\n<li><em><strong>Kokobela<\/strong><\/em><audio class=\"wp-audio-shortcode\" id=\"audio-175-6\" preload=\"none\" style=\"width: 100%;\" controls=\"controls\"><source type=\"audio\/mpeg\" src=\"https:\/\/kobra.asso.fr\/v7\/wp-content\/uploads\/2014\/01\/kokobela.mp3?_=6\" \/><a href=\"https:\/\/kobra.asso.fr\/v7\/wp-content\/uploads\/2014\/01\/kokobela.mp3\">https:\/\/kobra.asso.fr\/v7\/wp-content\/uploads\/2014\/01\/kokobela.mp3<\/a><\/audio><\/li>\n<li><em><strong>G\u00e9n\u00e9ration \u00ab\u00a0Bidons\u00a0\u00bb<\/strong><\/em><audio class=\"wp-audio-shortcode\" id=\"audio-175-7\" preload=\"none\" style=\"width: 100%;\" controls=\"controls\"><source type=\"audio\/mpeg\" src=\"https:\/\/kobra.asso.fr\/v7\/wp-content\/uploads\/2014\/01\/generation-bidons.mp3?_=7\" \/><a href=\"https:\/\/kobra.asso.fr\/v7\/wp-content\/uploads\/2014\/01\/generation-bidons.mp3\">https:\/\/kobra.asso.fr\/v7\/wp-content\/uploads\/2014\/01\/generation-bidons.mp3<\/a><\/audio><\/li>\n<li><em><strong>K\u00f9k\u00f9m<\/strong><\/em><audio class=\"wp-audio-shortcode\" id=\"audio-175-8\" preload=\"none\" style=\"width: 100%;\" controls=\"controls\"><source type=\"audio\/mpeg\" src=\"https:\/\/kobra.asso.fr\/v7\/wp-content\/uploads\/2014\/01\/kukum.mp3?_=8\" \/><a href=\"https:\/\/kobra.asso.fr\/v7\/wp-content\/uploads\/2014\/01\/kukum.mp3\">https:\/\/kobra.asso.fr\/v7\/wp-content\/uploads\/2014\/01\/kukum.mp3<\/a><\/audio><\/li>\n<\/ol>\n","protected":false},"excerpt":{"rendered":"<p>CD Kobra : Nakara Album : Studio Nombre de titres : 8 [wp_cart_button name=\u00a0\u00bbCD_Nakara\u00a0\u00bb price=\u00a0\u00bb15&Prime;] &nbsp; &nbsp; &nbsp; &nbsp; \u00a0Pr\u00e9 \u00e9coute : Le combat des \u00e9l\u00e9phants Zomina Zarafa Nakara La\u2026 <a class=\"continue-reading-link\" href=\"https:\/\/kobra.asso.fr\/v7\/cd-nakara\/\">Lire plus<\/a><\/p>\n","protected":false},"author":1,"featured_media":0,"parent":0,"menu_order":0,"comment_status":"open","ping_status":"open","template":"","meta":{"footnotes":""},"jetpack_sharing_enabled":true,"_links":{"self":[{"href":"https:\/\/kobra.asso.fr\/v7\/wp-json\/wp\/v2\/pages\/175"}],"collection":[{"href":"https:\/\/kobra.asso.fr\/v7\/wp-json\/wp\/v2\/pages"}],"about":[{"href":"https:\/\/kobra.asso.fr\/v7\/wp-json\/wp\/v2\/types\/page"}],"author":[{"embeddable":true,"href":"https:\/\/kobra.asso.fr\/v7\/wp-json\/wp\/v2\/users\/1"}],"replies":[{"embeddable":true,"href":"https:\/\/kobra.asso.fr\/v7\/wp-json\/wp\/v2\/comments?post=175"}],"version-history":[{"count":8,"href":"https:\/\/kobra.asso.fr\/v7\/wp-json\/wp\/v2\/pages\/175\/revisions"}],"predecessor-version":[{"id":290,"href":"https:\/\/kobra.asso.fr\/v7\/wp-json\/wp\/v2\/pages\/175\/revisions\/290"}],"wp:attachment":[{"href":"https:\/\/kobra.asso.fr\/v7\/wp-json\/wp\/v2\/media?parent=175"}],"curies":[{"name":"wp","href":"https:\/\/api.w.org\/{rel}","templated":true}]}}