{"id":401,"date":"2014-09-07T15:44:06","date_gmt":"2014-09-07T13:44:06","guid":{"rendered":"http:\/\/kobra.asso.fr\/v7\/?page_id=401"},"modified":"2018-04-30T10:24:53","modified_gmt":"2018-04-30T08:24:53","slug":"un-developpement-durable-pour-kobra","status":"publish","type":"page","link":"https:\/\/kobra.asso.fr\/v7\/un-developpement-durable-pour-kobra\/","title":{"rendered":"Un d\u00e9veloppement durable pour Kobra"},"content":{"rendered":"<h1>Un d\u00e9veloppement durable pour l&rsquo;association Kobra<\/h1>\n<p><a title=\"Reforestaction\" href=\"http:\/\/www.reforestaction.com\/\" target=\"_blank\" rel=\"http:\/\/www.reforestaction.com\/\"><img loading=\"lazy\" decoding=\"async\" class=\"aligncenter wp-image-537 size-full\" src=\"https:\/\/kobra.asso.fr\/v7\/wp-content\/uploads\/2014\/09\/logo-ReforestAction-fond-blanc.png\" alt=\"Reforestaction\" width=\"355\" height=\"190\" srcset=\"https:\/\/kobra.asso.fr\/v7\/wp-content\/uploads\/2014\/09\/logo-ReforestAction-fond-blanc.png 355w, https:\/\/kobra.asso.fr\/v7\/wp-content\/uploads\/2014\/09\/logo-ReforestAction-fond-blanc-300x160.png 300w, https:\/\/kobra.asso.fr\/v7\/wp-content\/uploads\/2014\/09\/logo-ReforestAction-fond-blanc-250x133.png 250w, https:\/\/kobra.asso.fr\/v7\/wp-content\/uploads\/2014\/09\/logo-ReforestAction-fond-blanc-150x80.png 150w\" sizes=\"(max-width: 355px) 100vw, 355px\" \/><\/a>Parce que l&rsquo;activit\u00e9 de l&rsquo;association contribue \u00e0 la production de gaz \u00e0 effet de serre du fait de son v\u00e9hicule,<\/p>\n<ul>\n<li>Parce que les for\u00eats sont les poumons de notre plan\u00e8te,<\/li>\n<\/ul>\n<p style=\"padding-left: 30px;\">L&rsquo;association Kobra a d\u00e9cid\u00e9 d&rsquo;agir afin de ma\u00eetriser son impact sur l\u2019environnement en ayant deux objectifs principaux :<\/p>\n<ol>\n<li>\u00ab\u00a0Contribuer \u00e0 limiter la production de gaz \u00e0 effet de serre\u00a0\u00bb<\/li>\n<li>\u00ab\u00a0Rembourser son \u00e9mission de CO\u00b2 par la plantation d&rsquo;arbres\u00a0\u00bb<\/li>\n<\/ol>\n<h2><\/h2>\n<h2>Rembourser son \u00e9mission de CO\u00b2 par la plantation d&rsquo;arbres<\/h2>\n<p style=\"padding-left: 30px;\">A la d\u00e9couverte du projet de \u00ab\u00a0Reforest&rsquo;Action\u00a0\u00bb, l&rsquo;association a souhait\u00e9 s&rsquo;engager dans cette d\u00e9marche au rythme \u00ab\u00a0d&rsquo;<span style=\"text-decoration: underline;\">1 arbre plant\u00e9<\/span>\u00a0\u00bb pour \u00ab\u00a0<span style=\"text-decoration: underline;\">1 facture \u00e9mise<\/span>\u00ab\u00a0. Au regard de l\u2019activit\u00e9 de l&rsquo;association, nous devrions \u00eatre en mesure de financer au moins une cinquantaine d&rsquo;arbres par an.<\/p>\n<p style=\"padding-left: 30px; text-align: center;\"><em><strong>Un bilan annuel sera tenu et nous ne manquerons pas de vous tenir inform\u00e9 des r\u00e9sultats.<\/strong><\/em><\/p>\n<p style=\"padding-left: 30px; text-align: center;\">Bilan de l&rsquo;ann\u00e9e scolaire 2014-15 &#8211; 64 arbres financ\u00e9s ! La for\u00eat Kobra commence&#8230;<\/p>\n<p style=\"padding-left: 30px; text-align: center;\"><a href=\"https:\/\/kobra.asso.fr\/v7\/wp-content\/uploads\/2014\/09\/Certificat-Association-KOBRA.jpg\"><img loading=\"lazy\" decoding=\"async\" class=\"aligncenter size-large wp-image-544\" src=\"https:\/\/kobra.asso.fr\/v7\/wp-content\/uploads\/2014\/09\/Certificat-Association-KOBRA-1024x726.jpg\" alt=\"Certificat 2014-15\" width=\"750\" height=\"531\" srcset=\"https:\/\/kobra.asso.fr\/v7\/wp-content\/uploads\/2014\/09\/Certificat-Association-KOBRA-1024x726.jpg 1024w, https:\/\/kobra.asso.fr\/v7\/wp-content\/uploads\/2014\/09\/Certificat-Association-KOBRA-300x212.jpg 300w, https:\/\/kobra.asso.fr\/v7\/wp-content\/uploads\/2014\/09\/Certificat-Association-KOBRA-600x425.jpg 600w, https:\/\/kobra.asso.fr\/v7\/wp-content\/uploads\/2014\/09\/Certificat-Association-KOBRA-211x150.jpg 211w, https:\/\/kobra.asso.fr\/v7\/wp-content\/uploads\/2014\/09\/Certificat-Association-KOBRA-150x106.jpg 150w\" sizes=\"(max-width: 750px) 100vw, 750px\" \/><\/a><\/p>\n","protected":false},"excerpt":{"rendered":"<p>Un d\u00e9veloppement durable pour l&rsquo;association Kobra Parce que l&rsquo;activit\u00e9 de l&rsquo;association contribue \u00e0 la production de gaz \u00e0 effet de serre du fait de son v\u00e9hicule, Parce que les for\u00eats\u2026 <a class=\"continue-reading-link\" href=\"https:\/\/kobra.asso.fr\/v7\/un-developpement-durable-pour-kobra\/\">Lire plus<\/a><\/p>\n","protected":false},"author":1,"featured_media":0,"parent":0,"menu_order":0,"comment_status":"closed","ping_status":"open","template":"","meta":{"footnotes":""},"jetpack_sharing_enabled":true,"_links":{"self":[{"href":"https:\/\/kobra.asso.fr\/v7\/wp-json\/wp\/v2\/pages\/401"}],"collection":[{"href":"https:\/\/kobra.asso.fr\/v7\/wp-json\/wp\/v2\/pages"}],"about":[{"href":"https:\/\/kobra.asso.fr\/v7\/wp-json\/wp\/v2\/types\/page"}],"author":[{"embeddable":true,"href":"https:\/\/kobra.asso.fr\/v7\/wp-json\/wp\/v2\/users\/1"}],"replies":[{"embeddable":true,"href":"https:\/\/kobra.asso.fr\/v7\/wp-json\/wp\/v2\/comments?post=401"}],"version-history":[{"count":38,"href":"https:\/\/kobra.asso.fr\/v7\/wp-json\/wp\/v2\/pages\/401\/revisions"}],"predecessor-version":[{"id":692,"href":"https:\/\/kobra.asso.fr\/v7\/wp-json\/wp\/v2\/pages\/401\/revisions\/692"}],"wp:attachment":[{"href":"https:\/\/kobra.asso.fr\/v7\/wp-json\/wp\/v2\/media?parent=401"}],"curies":[{"name":"wp","href":"https:\/\/api.w.org\/{rel}","templated":true}]}}